{"id":10888,"date":"2026-01-13T14:01:09","date_gmt":"2026-01-13T13:01:09","guid":{"rendered":"https:\/\/satdi.umh.es\/?page_id=10888"},"modified":"2026-02-20T15:17:38","modified_gmt":"2026-02-20T14:17:38","slug":"paseos-saludables-elche-2025","status":"publish","type":"page","link":"https:\/\/satdi.umh.es\/ca\/informacion-ambiental\/objetivos-ambientales-satdi\/paseos-saludables\/campus-de-elche\/paseos-saludables-elche-2025\/","title":{"rendered":"Passejades saludables Elx 2025"},"content":{"rendered":"<p><\/p>\n<div class=\"css-175oi2r r-16y2uox r-1pi2tsx r-13qz1uu\">\n<div class=\"css-175oi2r r-1p0dtai r-1d2f490 r-1udh08x r-u8s1d r-zchlnj r-ipm5af\">\n<div class=\"css-175oi2r r-1mlwlqe r-1udh08x r-417010 r-1p0dtai r-1d2f490 r-u8s1d r-zchlnj r-ipm5af\" aria-label=\"Imagen\" data-testid=\"tweetPhoto\">\n<div id=\"id__2ikvo1kb24v\" class=\"css-175oi2r r-9aw3ui r-1s2bzr4\" aria-labelledby=\"id__4hlxsbynv2c id__tl56f54474f\">\n<div class=\"css-175oi2r r-9aw3ui\">\n<div class=\"css-175oi2r\">\n<div class=\"css-175oi2r\">\n<div class=\"css-175oi2r r-1ets6dv r-1phboty r-rs99b7 r-1867qdf r-1udh08x r-o7ynqc r-6416eg r-1ny4l3l\">\n<div class=\"css-175oi2r r-1adg3ll r-1udh08x\">\n<div class=\"r-1p0dtai r-1pi2tsx r-1d2f490 r-u8s1d r-ipm5af r-13qz1uu\">\n<div class=\"css-175oi2r r-1pi2tsx r-13qz1uu r-eqz5dr\">\n<div class=\"css-175oi2r r-zl2h9q r-1iusvr4 r-16y2uox r-18u37iz\">\n<div class=\"css-175oi2r r-1iusvr4 r-16y2uox r-bnwqim r-x1x4zq\">\n<h5 class=\"css-175oi2r r-16y2uox r-1pi2tsx r-13qz1uu\"><strong>Passeig saludable a La Valona | Part I (Juliol)<\/strong><\/h5>\n<\/div>\n<\/div>\n<\/div>\n<\/div>\n<\/div>\n<\/div>\n<\/div>\n<\/div>\n<\/div>\n<\/div>\n<\/div>\n<\/div>\n<\/div>\n<p>La Valona, \u200b\u200b\u200b\u200bun dels nous edificis de la Universitat Miguel Hern\u00e1ndez d&#8217;Elx, va ser el rac\u00f3 escollit pel personal del campus il\u00b7licit\u00e0 per complir el primer exercici saludable de l&#8217;any. La visita va ser for\u00e7a amena, ja que va aprofitar l&#8217;ocasi\u00f3 per con\u00e8ixer les diferents sales i espais que t\u00e9 aquesta flamant i original infraestructura, que recorda la forma de les palmeres que podem veure per la ciutat i que, a m\u00e9s, pret\u00e9n convertir-se en un gran estendard de la UMH. La cita va acabar amb una foto de fam\u00edlia a les portes de l&#8217;edifici, el qual va ser molt ben acollit pels nostres t\u00e8cnics.<\/p>\n<p><a href=\"https:\/\/satdi.umh.es\/files\/2026\/01\/1o-PASEO-SALUDABLE-ELCHE-2025-1.jpg\"><img loading=\"lazy\" class=\"alignnone wp-image-10891\" src=\"https:\/\/satdi.umh.es\/files\/2026\/01\/1o-PASEO-SALUDABLE-ELCHE-2025-1-1024x768.jpg\" alt=\"\" width=\"400\" height=\"300\" srcset=\"https:\/\/satdi.umh.es\/files\/2026\/01\/1o-PASEO-SALUDABLE-ELCHE-2025-1-1024x768.jpg 1024w, https:\/\/satdi.umh.es\/files\/2026\/01\/1o-PASEO-SALUDABLE-ELCHE-2025-1-300x225.jpg 300w, https:\/\/satdi.umh.es\/files\/2026\/01\/1o-PASEO-SALUDABLE-ELCHE-2025-1-768x576.jpg 768w, https:\/\/satdi.umh.es\/files\/2026\/01\/1o-PASEO-SALUDABLE-ELCHE-2025-1-1536x1152.jpg 1536w, https:\/\/satdi.umh.es\/files\/2026\/01\/1o-PASEO-SALUDABLE-ELCHE-2025-1.jpg 2048w\" sizes=\"(max-width: 400px) 100vw, 400px\" \/><\/a> \u00a0 \u00a0 <a href=\"https:\/\/satdi.umh.es\/files\/2026\/01\/1o-PASEO-SALUDABLE-ELCHE-2025-2.jpg\"><img loading=\"lazy\" class=\"alignnone wp-image-10894\" src=\"https:\/\/satdi.umh.es\/files\/2026\/01\/1o-PASEO-SALUDABLE-ELCHE-2025-2-1024x768.jpg\" alt=\"\" width=\"400\" height=\"300\" srcset=\"https:\/\/satdi.umh.es\/files\/2026\/01\/1o-PASEO-SALUDABLE-ELCHE-2025-2-1024x768.jpg 1024w, https:\/\/satdi.umh.es\/files\/2026\/01\/1o-PASEO-SALUDABLE-ELCHE-2025-2-300x225.jpg 300w, https:\/\/satdi.umh.es\/files\/2026\/01\/1o-PASEO-SALUDABLE-ELCHE-2025-2-768x576.jpg 768w, https:\/\/satdi.umh.es\/files\/2026\/01\/1o-PASEO-SALUDABLE-ELCHE-2025-2-1536x1152.jpg 1536w, https:\/\/satdi.umh.es\/files\/2026\/01\/1o-PASEO-SALUDABLE-ELCHE-2025-2.jpg 2048w\" sizes=\"(max-width: 400px) 100vw, 400px\" \/><\/a><\/p>\n<p><a href=\"https:\/\/satdi.umh.es\/files\/2026\/01\/1o-PASEO-SALUDABLE-ELCHE-2025-4.jpg\"><img loading=\"lazy\" class=\"alignnone wp-image-10900\" src=\"https:\/\/satdi.umh.es\/files\/2026\/01\/1o-PASEO-SALUDABLE-ELCHE-2025-4-1024x548.jpg\" alt=\"\" width=\"561\" height=\"300\" srcset=\"https:\/\/satdi.umh.es\/files\/2026\/01\/1o-PASEO-SALUDABLE-ELCHE-2025-4-1024x548.jpg 1024w, https:\/\/satdi.umh.es\/files\/2026\/01\/1o-PASEO-SALUDABLE-ELCHE-2025-4-300x160.jpg 300w, https:\/\/satdi.umh.es\/files\/2026\/01\/1o-PASEO-SALUDABLE-ELCHE-2025-4-768x411.jpg 768w, https:\/\/satdi.umh.es\/files\/2026\/01\/1o-PASEO-SALUDABLE-ELCHE-2025-4-1536x822.jpg 1536w, https:\/\/satdi.umh.es\/files\/2026\/01\/1o-PASEO-SALUDABLE-ELCHE-2025-4.jpg 1544w\" sizes=\"(max-width: 561px) 100vw, 561px\" \/><\/a><\/p>\n<p><a href=\"https:\/\/satdi.umh.es\/files\/2026\/01\/1o-PASEO-SALUDABLE-ELCHE-2025-3.jpg\"><img loading=\"lazy\" class=\"alignnone wp-image-10897\" src=\"https:\/\/satdi.umh.es\/files\/2026\/01\/1o-PASEO-SALUDABLE-ELCHE-2025-3-1024x768.jpg\" alt=\"\" width=\"400\" height=\"300\" srcset=\"https:\/\/satdi.umh.es\/files\/2026\/01\/1o-PASEO-SALUDABLE-ELCHE-2025-3-1024x768.jpg 1024w, https:\/\/satdi.umh.es\/files\/2026\/01\/1o-PASEO-SALUDABLE-ELCHE-2025-3-300x225.jpg 300w, https:\/\/satdi.umh.es\/files\/2026\/01\/1o-PASEO-SALUDABLE-ELCHE-2025-3-768x576.jpg 768w, https:\/\/satdi.umh.es\/files\/2026\/01\/1o-PASEO-SALUDABLE-ELCHE-2025-3-1536x1152.jpg 1536w, https:\/\/satdi.umh.es\/files\/2026\/01\/1o-PASEO-SALUDABLE-ELCHE-2025-3.jpg 2048w\" sizes=\"(max-width: 400px) 100vw, 400px\" \/><\/a><\/p>\n<p>&nbsp;<\/p>\n<h5><strong>Passejada saludable per la Valona | Part II (novembre)<\/strong><\/h5>\n<p>No ens movem de la Valona, \u200b\u200bja que en la reuni\u00f3 del segon semestre de l&#8217;any el nostre personal t\u00e8cnic va tornar a visitar aquest edifici. En concret, ho va fer per con\u00e8ixer el seu espai cultural que des de fa uns mesos acull una exposici\u00f3 molt interessant anomenada &#8220;Latidos de Gea&#8221;. Aquesta exposici\u00f3 interactiva pret\u00e9n conscienciar sobre l&#8217;impacte hum\u00e0 en el canvi global i mostrar com la ci\u00e8ncia i la innovaci\u00f3 ofereixen eines per a un futur m\u00e9s esperan\u00e7ador. Sens dubte, una cita impactant que va servir per adonar-se de la necessitat d&#8217;acci\u00f3 per part de tothom.<\/p>\n<p><a href=\"https:\/\/satdi.umh.es\/files\/2026\/01\/2o-PASEO-SALUDABLE-ELCHE-2025-1.jpeg\"><img loading=\"lazy\" class=\"alignnone wp-image-10918\" src=\"https:\/\/satdi.umh.es\/files\/2026\/01\/2o-PASEO-SALUDABLE-ELCHE-2025-1-1024x768.jpeg\" alt=\"\" width=\"400\" height=\"300\" srcset=\"https:\/\/satdi.umh.es\/files\/2026\/01\/2o-PASEO-SALUDABLE-ELCHE-2025-1-1024x768.jpeg 1024w, https:\/\/satdi.umh.es\/files\/2026\/01\/2o-PASEO-SALUDABLE-ELCHE-2025-1-300x225.jpeg 300w, https:\/\/satdi.umh.es\/files\/2026\/01\/2o-PASEO-SALUDABLE-ELCHE-2025-1-768x576.jpeg 768w, https:\/\/satdi.umh.es\/files\/2026\/01\/2o-PASEO-SALUDABLE-ELCHE-2025-1-1536x1152.jpeg 1536w, https:\/\/satdi.umh.es\/files\/2026\/01\/2o-PASEO-SALUDABLE-ELCHE-2025-1.jpeg 1600w\" sizes=\"(max-width: 400px) 100vw, 400px\" \/><\/a>\u00a0 \u00a0 \u00a0<a href=\"https:\/\/satdi.umh.es\/files\/2026\/01\/2o-PASEO-SALUDABLE-ELCHE-2025-2.jpeg\"><img loading=\"lazy\" class=\"alignnone wp-image-10921\" src=\"https:\/\/satdi.umh.es\/files\/2026\/01\/2o-PASEO-SALUDABLE-ELCHE-2025-2-1024x768.jpeg\" alt=\"\" width=\"400\" height=\"300\" srcset=\"https:\/\/satdi.umh.es\/files\/2026\/01\/2o-PASEO-SALUDABLE-ELCHE-2025-2-1024x768.jpeg 1024w, https:\/\/satdi.umh.es\/files\/2026\/01\/2o-PASEO-SALUDABLE-ELCHE-2025-2-300x225.jpeg 300w, https:\/\/satdi.umh.es\/files\/2026\/01\/2o-PASEO-SALUDABLE-ELCHE-2025-2-768x576.jpeg 768w, https:\/\/satdi.umh.es\/files\/2026\/01\/2o-PASEO-SALUDABLE-ELCHE-2025-2-1536x1152.jpeg 1536w, https:\/\/satdi.umh.es\/files\/2026\/01\/2o-PASEO-SALUDABLE-ELCHE-2025-2.jpeg 1600w\" sizes=\"(max-width: 400px) 100vw, 400px\" \/><\/a><\/p>\n<p><a href=\"https:\/\/satdi.umh.es\/files\/2026\/01\/IMG_9552-scaled.jpg\"><img loading=\"lazy\" class=\"alignnone wp-image-10924\" src=\"https:\/\/satdi.umh.es\/files\/2026\/01\/IMG_9552-1024x768.jpg\" alt=\"\" width=\"400\" height=\"300\" srcset=\"https:\/\/satdi.umh.es\/files\/2026\/01\/IMG_9552-1024x768.jpg 1024w, https:\/\/satdi.umh.es\/files\/2026\/01\/IMG_9552-300x225.jpg 300w, https:\/\/satdi.umh.es\/files\/2026\/01\/IMG_9552-768x576.jpg 768w, https:\/\/satdi.umh.es\/files\/2026\/01\/IMG_9552-1536x1152.jpg 1536w, https:\/\/satdi.umh.es\/files\/2026\/01\/IMG_9552-2048x1536.jpg 2048w\" sizes=\"(max-width: 400px) 100vw, 400px\" \/><\/a> \u00a0 \u00a0 <a href=\"https:\/\/satdi.umh.es\/files\/2026\/01\/IMG_9562-scaled.jpg\"><img loading=\"lazy\" class=\"alignnone wp-image-10933\" src=\"https:\/\/satdi.umh.es\/files\/2026\/01\/IMG_9562-768x1024.jpg\" alt=\"\" width=\"225\" height=\"300\" srcset=\"https:\/\/satdi.umh.es\/files\/2026\/01\/IMG_9562-768x1024.jpg 768w, https:\/\/satdi.umh.es\/files\/2026\/01\/IMG_9562-225x300.jpg 225w, https:\/\/satdi.umh.es\/files\/2026\/01\/IMG_9562-1152x1536.jpg 1152w, https:\/\/satdi.umh.es\/files\/2026\/01\/IMG_9562-1536x2048.jpg 1536w, https:\/\/satdi.umh.es\/files\/2026\/01\/IMG_9562-scaled.jpg 1920w\" sizes=\"(max-width: 225px) 100vw, 225px\" \/><\/a><\/p>\n<p><a href=\"https:\/\/satdi.umh.es\/files\/2026\/01\/IMG_9566-scaled.jpg\"><img loading=\"lazy\" class=\"alignnone wp-image-10936\" src=\"https:\/\/satdi.umh.es\/files\/2026\/01\/IMG_9566-1024x768.jpg\" alt=\"\" width=\"400\" height=\"300\" srcset=\"https:\/\/satdi.umh.es\/files\/2026\/01\/IMG_9566-1024x768.jpg 1024w, https:\/\/satdi.umh.es\/files\/2026\/01\/IMG_9566-300x225.jpg 300w, https:\/\/satdi.umh.es\/files\/2026\/01\/IMG_9566-768x576.jpg 768w, https:\/\/satdi.umh.es\/files\/2026\/01\/IMG_9566-1536x1152.jpg 1536w, https:\/\/satdi.umh.es\/files\/2026\/01\/IMG_9566-2048x1536.jpg 2048w\" sizes=\"(max-width: 400px) 100vw, 400px\" \/><\/a>\u00a0 \u00a0 \u00a0<a href=\"https:\/\/satdi.umh.es\/files\/2026\/01\/IMG-20251112-WA0021.jpg\"><img loading=\"lazy\" class=\"alignnone wp-image-10915\" src=\"https:\/\/satdi.umh.es\/files\/2026\/01\/IMG-20251112-WA0021.jpg\" alt=\"\" width=\"287\" height=\"300\" srcset=\"https:\/\/satdi.umh.es\/files\/2026\/01\/IMG-20251112-WA0021.jpg 924w, https:\/\/satdi.umh.es\/files\/2026\/01\/IMG-20251112-WA0021-287x300.jpg 287w, https:\/\/satdi.umh.es\/files\/2026\/01\/IMG-20251112-WA0021-768x802.jpg 768w\" sizes=\"(max-width: 287px) 100vw, 287px\" \/><\/a><\/p>\n<p><a href=\"https:\/\/satdi.umh.es\/files\/2026\/01\/IMG_9590-scaled.jpg\"><img loading=\"lazy\" class=\"alignnone wp-image-10939\" src=\"https:\/\/satdi.umh.es\/files\/2026\/01\/IMG_9590-1024x768.jpg\" alt=\"\" width=\"400\" height=\"300\" srcset=\"https:\/\/satdi.umh.es\/files\/2026\/01\/IMG_9590-1024x768.jpg 1024w, https:\/\/satdi.umh.es\/files\/2026\/01\/IMG_9590-300x225.jpg 300w, https:\/\/satdi.umh.es\/files\/2026\/01\/IMG_9590-768x576.jpg 768w, https:\/\/satdi.umh.es\/files\/2026\/01\/IMG_9590-1536x1152.jpg 1536w, https:\/\/satdi.umh.es\/files\/2026\/01\/IMG_9590-2048x1536.jpg 2048w\" sizes=\"(max-width: 400px) 100vw, 400px\" \/><\/a><\/p>\n<p>&nbsp;<\/p>\n<p>&nbsp;<\/p>","protected":false},"excerpt":{"rendered":"<p>Passeig saludable a La Valona | Part I (Juliol)<\/p>\n<p>La Valona, \u200b\u200b\u200b\u200bun dels nous edificis de la Universitat Miguel Hern\u00e1ndez d&#8217;Elx, va ser el rac\u00f3 escollit pel personal del campus il\u00b7licit\u00e0 per complir el primer exercici saludable de l&#8217;any. La visita va ser for\u00e7a amena, ja que va aprofitar l&#8217;ocasi\u00f3 per con\u00e8ixer les diferents sales i [&#8230;]<\/p>\n","protected":false},"author":3770,"featured_media":0,"parent":10813,"menu_order":2,"comment_status":"closed","ping_status":"closed","template":"","meta":{"_links_to":"","_links_to_target":""},"_links":{"self":[{"href":"https:\/\/satdi.umh.es\/ca\/wp-json\/wp\/v2\/pages\/10888"}],"collection":[{"href":"https:\/\/satdi.umh.es\/ca\/wp-json\/wp\/v2\/pages"}],"about":[{"href":"https:\/\/satdi.umh.es\/ca\/wp-json\/wp\/v2\/types\/page"}],"author":[{"embeddable":true,"href":"https:\/\/satdi.umh.es\/ca\/wp-json\/wp\/v2\/users\/3770"}],"replies":[{"embeddable":true,"href":"https:\/\/satdi.umh.es\/ca\/wp-json\/wp\/v2\/comments?post=10888"}],"version-history":[{"count":0,"href":"https:\/\/satdi.umh.es\/ca\/wp-json\/wp\/v2\/pages\/10888\/revisions"}],"up":[{"embeddable":true,"href":"https:\/\/satdi.umh.es\/ca\/wp-json\/wp\/v2\/pages\/10813"}],"wp:attachment":[{"href":"https:\/\/satdi.umh.es\/ca\/wp-json\/wp\/v2\/media?parent=10888"}],"curies":[{"name":"wp","href":"https:\/\/api.w.org\/{rel}","templated":true}]}}