{"id":8606,"date":"2024-10-15T16:18:43","date_gmt":"2024-10-15T14:18:43","guid":{"rendered":"https:\/\/satdi.umh.es\/?page_id=8606"},"modified":"2026-01-29T20:15:16","modified_gmt":"2026-01-29T19:15:16","slug":"satdi-ic-espectrofluorimetro-de-resolucion-temporal-ft-300-picoquant","status":"publish","type":"page","link":"https:\/\/satdi.umh.es\/ca\/servicios-prestados\/instrumentacioncientifica\/servicios_ofertados\/servicios_ofertados-satdi-ic-espectrometros-fotometros-masas-y-rmn\/satdi-ic-espectrofluorimetro-de-resolucion-temporal-ft-300-picoquant\/","title":{"rendered":"SATDI-IC: Espectrofluor\u00edmetre de resoluci\u00f3 temporal (FT-300, PicoQuant)"},"content":{"rendered":"<p><!-- DIV 0 - CONTENEDOR PRINCIPAL - INICIO --><\/p>\n<div style=\"border: 0px solid #CCC;padding-top: 0em;margin: 0em 0em 0em 0em;width: 100%;float: left\">\n<p><!--**********************************************************--><\/p>\n<p><!-- DIV 1 - CONTENEDOR CONTENIDO - INICIO --><\/p>\n<div style=\"border: 0px solid #111;padding-top: 0em;margin: 0em 0em 0em 0em;width: 100%;float: left\">\n<p><!--**********************************************************--><!-- DIV 2 - EQUIPAMIENTO - INICIO--><\/p>\n<div style=\"border: 0px solid #CCC;background-color: none;padding: 0em;margin: 0em 0em 0em 0em;float: left;width: 100%;vertical-align: top\">\n<p><!-- DIV EQUIPAMIENTO - NOMBRE - INICIO --><\/p>\n<div style=\"border: 0px solid #CCC;padding-left: 1.5em;margin: 0em 0em 0em 0em;float: left;width: 100%;vertical-align: middle\">\n<p style=\"color: #666666;font-size: 1.5em\" align=\"justify\"><strong><span dir=\"auto\" style=\"vertical-align: inherit\"><span dir=\"auto\" style=\"vertical-align: inherit\">Equipament<\/span><\/span><\/strong><\/p>\n<\/div>\n<p><!-- DIV EQUIPAMIENTO - NOMBRE - FIN --><\/p>\n<p><!-- TABLA - EQUIPAMIENTO - INICIO --><\/p>\n<table style=\"border: 0px solid #CCC;background-color: #ddd;float: left;width: 100%;text-align: center\">\n<tbody>\n<tr style=\"border: 0px solid #FFF\">\n<td style=\"border: 0px solid #CCC;padding: 0.5em;width: 40%\" colspan=\"1\">\n<p align=\"justify\"><strong><span dir=\"auto\" style=\"vertical-align: inherit\"><span dir=\"auto\" style=\"vertical-align: inherit\">Espectrofluor\u00edmetre de resoluci\u00f3 temporal<\/span><\/span><br \/>\n<\/strong><\/p>\n<p style=\"color: #666666\" align=\"justify\"><strong><span dir=\"auto\" style=\"vertical-align: inherit\"><span dir=\"auto\" style=\"vertical-align: inherit\">FT-300 (PicoQuant)<\/span><\/span><\/strong><\/p>\n<\/td>\n<td style=\"border: 0px solid #CCC;padding: 0.5em;width: 52.5%\" colspan=\"1\" valign=\"center\">\n<p align=\"right\"><span style=\"color: #a31c19\"><strong><span dir=\"auto\" style=\"vertical-align: inherit\"><span dir=\"auto\" style=\"vertical-align: inherit\">Campus d&#8217;ELX<\/span><\/span><\/strong><\/span><\/p>\n<\/td>\n<td style=\"border: 0px solid #CCC;padding: 0.5em;width: 7.5%;text-align: right\" colspan=\"1\" valign=\"top\"><img src=\"https:\/\/satdi.umh.es\/files\/2024\/01\/Imagen_LogoSATDI-IC.png\" alt=\"Logo SATDI-IC\" width=\"90%\" \/><\/td>\n<\/tr>\n<tr style=\"border: 0px solid #FFF;height: auto\">\n<td style=\"border: 0px solid #CCC;padding: 0.5em;vertical-align: top;width: 35%\" rowspan=\"2\"><img loading=\"lazy\" src=\"https:\/\/satdi.umh.es\/files\/2025\/09\/imagen_Espectrofluorimetro_FT300_campusElche.jpg\" alt=\"Imatge Espectrofluor\u00edmetre FT300 PicoQuant\" width=\"100%\" height=\"100%\" \/><\/td>\n<td style=\"border: 0px solid #CCC;padding: 0.5em;vertical-align: top;width: 65%\" colspan=\"2\">\n<p align=\"justify\"><span dir=\"auto\" style=\"vertical-align: inherit\"><span dir=\"auto\" style=\"vertical-align: inherit\">Equip d&#8217;\u00faltima generaci\u00f3 amb l\u00e0mpada de Xenon de 300 w com a font policrom\u00e0tica i un monocromador doble d&#8217;excitaci\u00f3 i un altre d&#8217;emissi\u00f3 juntament amb un compartiment de mostres de quatre posicions termostatitzat mitjan\u00e7ant Peltier. \u00c9s possible mesurar fluoresc\u00e8ncia en estat estacionari, recollir espectres d&#8217;excitaci\u00f3 i emissi\u00f3 i determinar rendiments qu\u00e0ntics. A m\u00e9s, inclou polaritzadors d&#8217;excitaci\u00f3 i emissi\u00f3 que permeten mesures d&#8217;anisotropia de fluoresc\u00e8ncia. <\/span><\/span><br \/>\n<span dir=\"auto\" style=\"vertical-align: inherit\"><span dir=\"auto\" style=\"vertical-align: inherit\">Tamb\u00e9 compta amb un m\u00f2dul per mesurar fluoresc\u00e8ncia resolta en el temps, compost per una electr\u00f2nica de detecci\u00f3 de picosegons i fonts de llum polsada, en concret dos LEDs i tres d\u00edodes l\u00e0ser, que cobreixen des de la regi\u00f3 de l&#8217;ultraviolat al visible. Aquest m\u00f2dul tamb\u00e9 compta amb polaritzadors automatitzats per adquirir mesures d&#8217;anisotropia resolta en el temps.<\/span><\/span><\/p>\n<\/td>\n<\/tr>\n<tr style=\"border: 0px solid #FFF\">\n<td style=\"border: 0px solid #EEE;padding: 0.5em;height: 10%;width: 65%\" colspan=\"2\" valign=\"center\">\n<p align=\"left\"><strong>\u00a0<\/strong><\/p>\n<\/td>\n<\/tr>\n<tr style=\"border: 0px solid #FFF\">\n<td style=\"border: 0px solid #CCC;padding: 0.5em;width: 100%\" colspan=\"3\">\n<p align=\"justify\"><span dir=\"auto\" style=\"vertical-align: inherit\"><span dir=\"auto\" style=\"vertical-align: inherit\">Les aplicacions de la fluoresc\u00e8ncia en estat estacionari i resolta en el temps s\u00f3n m\u00faltiples, tant en ci\u00e8ncia b\u00e0sica com aplicada, en camps tan diversos com la biologia, la qu\u00edmica, la biotecnologia, la nanotecnologia, la farm\u00e0cia, la ci\u00e8ncia de materials, l&#8217;alimentaci\u00f3 o el medi ambient. Aquestes t\u00e8cniques permeten l&#8217;estudi i la caracteritzaci\u00f3 de materials o sistemes biol\u00f2gics a nivell molecular i cel\u00b7lular, podent mesurar dist\u00e0ncies a escala nanom\u00e8trica, aix\u00ed com processos din\u00e0mics que succeeixen en el rang de nanosegons. <\/span><\/span><br \/>\n<span dir=\"auto\" style=\"vertical-align: inherit\"><span dir=\"auto\" style=\"vertical-align: inherit\">Tamb\u00e9, gr\u00e0cies al desenvolupament de sondes i marcadors fluorescents cada cop m\u00e9s avan\u00e7ats, \u00e9s possible mesurar interaccions moleculars o caracteritzar estructures de macromol\u00e8cules biol\u00f2giques com ADN o prote\u00efnes, o estructures m\u00e9s complexes i heterog\u00e8nies, com les membranes biol\u00f2giques. A m\u00e9s, la fluoresc\u00e8ncia t\u00e9 una gran utilitat com a eina anal\u00edtica, sobretot en el camp dels sensors i biosensors, per la seva gran versatilitat i sensibilitat.<\/span><\/span><\/p>\n<\/td>\n<\/tr>\n<\/tbody>\n<\/table>\n<p><!-- TABLA - EQUIPAMIENTO - FIN --><\/p>\n<\/div>\n<p><!-- DIV 2 - EQUIPAMIENTO - FIN--><\/p>\n<p><!--**********************************************************--><br \/>\n<!--**********************************************************--><\/p>\n<p><!-- DIV SEPARADOR - INICIO --><\/p>\n<div style=\"border: 0px solid #CCC;padding: 0em;margin: 0em 0em 0em 0em;float: left;width: 100%;height: 5em;vertical-align: top\"><\/div>\n<p><!-- DIV SEPARADOR - FIN --><\/p>\n<p><!--**********************************************************--><\/p>\n<p><!-- DIV BARRA GRIS IZQUIERDA - INICIO --><\/p>\n<div style=\"border: 2px solid #CCC;padding: 0em;margin: 0em 0em 0em 0em;float: left;width: 30%;height: 0em;vertical-align: top\"><\/div>\n<p><!-- DIV BARRA GRIS IZQUIERDA - FIN --><\/p>\n<p><!--**********************************************************--><\/p>\n<p><!-- DIV 3 - CONTACTO - INICIO--><\/p>\n<div style=\"border: 0px solid #CCC;background-color: none;padding: 0em;margin: 0em 0em 0em 0em;float: left;width: 100%;vertical-align: top\">\n<p><!-- DIV CONTACTO - NOMBRE - INICIO --><\/p>\n<div style=\"border: 0px solid #CCC;padding-left: 1.5em;margin: 0em 0em 0em 0em;float: left;width: 100%;vertical-align: middle\">\n<p style=\"color: #666666;font-size: 1.5em\" align=\"justify\"><strong><span dir=\"auto\" style=\"vertical-align: inherit\"><span dir=\"auto\" style=\"vertical-align: inherit\">Contacte<\/span><\/span><\/strong><\/p>\n<\/div>\n<p><!-- DIV CONTACTO - NOMBRE - FIN --><\/p>\n<p><!-- TABLA - CONTACTO - INICIO --><\/p>\n<table style=\"border: 0px solid #CCC;float: left;width: 100%;text-align: center\">\n<tbody>\n<tr style=\"border: 0px solid #CCC\">\n<td style=\"border: 0px solid #CCC;padding: 0.5em\" colspan=\"1\" rowspan=\"1\">\n<p align=\"justify\"><strong><span dir=\"auto\" style=\"vertical-align: inherit\"><span dir=\"auto\" style=\"vertical-align: inherit\">Campus d&#8217;ELX<\/span><\/span><\/strong><\/p>\n<p align=\"justify\"><span dir=\"auto\" style=\"vertical-align: inherit\"><span dir=\"auto\" style=\"vertical-align: inherit\">Edifici TORREGAIT\u00c1N <\/span><\/span><br \/>\n<span dir=\"auto\" style=\"vertical-align: inherit\"><span dir=\"auto\" style=\"vertical-align: inherit\">(Codi GIS: E10P2008)<\/span><\/span><\/p>\n<\/td>\n<td style=\"border: 0px solid #eeeeee;padding: 0.5em;text-align: center\" colspan=\"1\" valign=\"center\"><span dir=\"auto\" style=\"vertical-align: inherit\"><span dir=\"auto\" style=\"vertical-align: inherit\">Veure ubicaci\u00f3<\/span><\/span><a href=\"http:\/\/universite.umh.es\/localizaciones\/?selT=edificios&amp;selI=E10P2008\" target=\"_blank\" rel=\"noopener\"><img loading=\"lazy\" class=\"aligncenter\" src=\"https:\/\/satdi.umh.es\/files\/2024\/01\/ICONO_UBICACION-1.png\" alt=\"Icona de la ubicaci\u00f3\" width=\"25px\" height=\"auto\" \/><\/a><\/td>\n<td style=\"border: 0px solid #CCC;padding: 0.5em\" colspan=\"1\" rowspan=\"1\"><\/td>\n<td style=\"border: 0px solid #CCC;padding: 0.5em\" colspan=\"1\" rowspan=\"1\">\n<ul style=\"float: left;text-align: justify\">\n<li style=\"color: #666666\"><strong><span dir=\"auto\" style=\"vertical-align: inherit\"><span dir=\"auto\" style=\"vertical-align: inherit\">Rubio Camacho, Marta<\/span><\/span><\/strong><\/li>\n<li><span dir=\"auto\" style=\"vertical-align: inherit\"><span dir=\"auto\" style=\"vertical-align: inherit\">+34 965 22 2479 | +34 965 22 2688<\/span><\/span><\/li>\n<li><span dir=\"auto\" style=\"vertical-align: inherit\"><span dir=\"auto\" style=\"vertical-align: inherit\">marta.rubioc@umh.es<\/span><\/span><\/li>\n<\/ul>\n<\/td>\n<\/tr>\n<\/tbody>\n<\/table>\n<p><!-- TABLA - CONTACTO - FIN --><\/p>\n<\/div>\n<p><!-- DIV 3 - CONTACTO - FIN--><\/p>\n<p><!--**********************************************************--><br \/>\n<!--**********************************************************--><\/p>\n<p><!-- DIV SEPARADOR - INICIO --><\/p>\n<div style=\"border: 0px solid #CCC;padding: 0em;margin: 0em 0em 0em 0em;float: left;width: 100%;height: 5em;vertical-align: top\"><\/div>\n<p><!-- DIV SEPARADOR - FIN --><\/p>\n<p><!--**********************************************************--><\/p>\n<p><!-- DIV BARRA GRIS IZQUIERDA - INICIO --><\/p>\n<div style=\"border: 2px solid #CCC;padding: 0em;margin: 0em 0em 0em 0em;float: left;width: 30%;height: 0em;vertical-align: top\"><\/div>\n<p><!-- DIV BARRA GRIS IZQUIERDA - FIN --><\/p>\n<p><!--**********************************************************--><\/p>\n<p><!-- DIV 3 - TARIFAS - INICIO--><\/p>\n<div style=\"border: 0px solid #CCC;background-color: none;padding: 0em;margin: 0em 0em 0em 0em;float: left;width: 100%;vertical-align: top\">\n<p><!-- DIV TARIFAS - NOMBRE - INICIO --><\/p>\n<div style=\"border: 0px solid #CCC;padding-left: 1.5em;margin: 0em 0em 0em 0em;float: left;width: 100%;vertical-align: middle\">\n<p style=\"color: #666666;font-size: 1.5em\" align=\"justify\"><strong><span dir=\"auto\" style=\"vertical-align: inherit\"><span dir=\"auto\" style=\"vertical-align: inherit\">Tarifes vigents (2026)<\/span><\/span><\/strong><\/p>\n<\/div>\n<p><!-- DIV TARIFAS - NOMBRE - FIN --><\/p>\n<div style=\"border: 0px solid #CCC;padding: 0em;margin: 0em 0em 0em 0em;float: left;width: 100%\">\n<table style=\"border: 0px solid #CCC;float: left;width: 100%;text-align: center\">\n<tbody>\n<tr style=\"border: 0px solid #CCC\">\n<td style=\"border: 0px solid #CCC;background-color: #ccc;padding: 0.5em;width: 10%\" colspan=\"1\" rowspan=\"1\">\n<p align=\"center\"><strong><span dir=\"auto\" style=\"vertical-align: inherit\"><span dir=\"auto\" style=\"vertical-align: inherit\">Refer\u00e8ncia<\/span><\/span><\/strong><\/p>\n<\/td>\n<td style=\"border: 0px solid #CCC;background-color: #ccc;padding: 0.5em;width: 50%\" colspan=\"1\" rowspan=\"1\">\n<p align=\"center\"><strong><span dir=\"auto\" style=\"vertical-align: inherit\"><span dir=\"auto\" style=\"vertical-align: inherit\">Descripci\u00f3<\/span><\/span><\/strong><\/p>\n<\/td>\n<td style=\"border: 0px solid #CCC;background-color: #ccc;padding: 0.5em;width: 10%\" colspan=\"1\" rowspan=\"1\">\n<p align=\"center\"><strong><span dir=\"auto\" style=\"vertical-align: inherit\"><span dir=\"auto\" style=\"vertical-align: inherit\">Unitat <\/span><\/span><br \/>\n<span dir=\"auto\" style=\"vertical-align: inherit\"><span dir=\"auto\" style=\"vertical-align: inherit\">de <\/span><\/span><br \/>\n<span dir=\"auto\" style=\"vertical-align: inherit\"><span dir=\"auto\" style=\"vertical-align: inherit\">mesura<\/span><\/span><\/strong><\/p>\n<\/td>\n<td style=\"border: 0px solid #CCC;background-color: #ccc;padding: 0.5em;width: 10%\" colspan=\"1\" rowspan=\"1\">\n<p align=\"center\"><strong><span dir=\"auto\" style=\"vertical-align: inherit\"><span dir=\"auto\" style=\"vertical-align: inherit\">Preu unitari UMH (\u20ac)<\/span><\/span><\/strong><\/p>\n<\/td>\n<td style=\"border: 0px solid #CCC;background-color: #ccc;padding: 0.5em;width: 10%\" colspan=\"1\" rowspan=\"1\">\n<p align=\"center\"><strong><span dir=\"auto\" style=\"vertical-align: inherit\"><span dir=\"auto\" style=\"vertical-align: inherit\">Preu unitari Entitats P\u00fabliques (\u20ac)<\/span><\/span><\/strong><\/p>\n<\/td>\n<td style=\"border: 0px solid #CCC;background-color: #ccc;padding: 0.5em;width: 10%\" colspan=\"1\" rowspan=\"1\">\n<p align=\"center\"><strong><span dir=\"auto\" style=\"vertical-align: inherit\"><span dir=\"auto\" style=\"vertical-align: inherit\">Preu unitari Entitats Privades (\u20ac)<\/span><\/span><\/strong><\/p>\n<\/td>\n<\/tr>\n<tr style=\"border: 0px solid #CCC\">\n<td style=\"border: 0px solid #CCC;background-color: #e0e0e0;padding: 0.5em;width: 10%\" colspan=\"1\" rowspan=\"1\">\n<p align=\"center\"><span dir=\"auto\" style=\"vertical-align: inherit\"><span dir=\"auto\" style=\"vertical-align: inherit\">T-ELTG-10<\/span><\/span><\/p>\n<\/td>\n<td style=\"border: 0px solid #CCC;background-color: #e0e0e0;padding: 0.5em;width: 50%\" colspan=\"1\" rowspan=\"1\">\n<p align=\"justify\"><span dir=\"auto\" style=\"vertical-align: inherit\"><span dir=\"auto\" style=\"vertical-align: inherit\">\u00das espectrofluor\u00edmetre de resoluci\u00f3 temporal (PicoQuant FT 300)<\/span><\/span><\/p>\n<\/td>\n<td style=\"border: 0px solid #CCC;background-color: #e0e0e0;padding: 0.5em;width: 10%\" colspan=\"1\" rowspan=\"1\">\n<p align=\"center\"><span dir=\"auto\" style=\"vertical-align: inherit\"><span dir=\"auto\" style=\"vertical-align: inherit\">hora<\/span><\/span><\/p>\n<\/td>\n<td style=\"border: 0px solid #CCC;background-color: #e0e0e0;padding: 0.5em;width: 10%\" colspan=\"1\" rowspan=\"1\">\n<p align=\"center\"><span dir=\"auto\" style=\"vertical-align: inherit\"><span dir=\"auto\" style=\"vertical-align: inherit\">6.15<\/span><\/span><\/p>\n<\/td>\n<td style=\"border: 0px solid #CCC;background-color: #e0e0e0;padding: 0.5em;width: 10%\" colspan=\"1\" rowspan=\"1\">\n<p align=\"center\"><span dir=\"auto\" style=\"vertical-align: inherit\"><span dir=\"auto\" style=\"vertical-align: inherit\">7.12<\/span><\/span><\/p>\n<\/td>\n<td style=\"border: 0px solid #CCC;background-color: #e0e0e0;padding: 0.5em;width: 10%\" colspan=\"1\" rowspan=\"1\">\n<p align=\"center\"><span dir=\"auto\" style=\"vertical-align: inherit\"><span dir=\"auto\" style=\"vertical-align: inherit\">7.54<\/span><\/span><\/p>\n<\/td>\n<\/tr>\n<tr style=\"border: 0px solid #CCC\">\n<td style=\"border: 0px solid #CCC;background-color: #e8e8e8;padding: 0.5em;width: 10%\" colspan=\"1\" rowspan=\"1\">\n<p align=\"center\"><span dir=\"auto\" style=\"vertical-align: inherit\"><span dir=\"auto\" style=\"vertical-align: inherit\">T-ELTG-11<\/span><\/span><\/p>\n<\/td>\n<td style=\"border: 0px solid #CCC;background-color: #e8e8e8;padding: 0.5em;width: 50%\" colspan=\"1\" rowspan=\"1\">\n<p align=\"justify\"><span dir=\"auto\" style=\"vertical-align: inherit\"><span dir=\"auto\" style=\"vertical-align: inherit\">\u00das amb suport t\u00e8cnic espectrofluor\u00edmetre de resoluci\u00f3 temporal (PicoQuant FT 300)<\/span><\/span><\/p>\n<\/td>\n<td style=\"border: 0px solid #CCC;background-color: #e8e8e8;padding: 0.5em;width: 10%\" colspan=\"1\" rowspan=\"1\">\n<p align=\"center\"><span dir=\"auto\" style=\"vertical-align: inherit\"><span dir=\"auto\" style=\"vertical-align: inherit\">hora<\/span><\/span><\/p>\n<\/td>\n<td style=\"border: 0px solid #CCC;background-color: #e8e8e8;padding: 0.5em;width: 10%\" colspan=\"1\" rowspan=\"1\">\n<p align=\"center\"><span dir=\"auto\" style=\"vertical-align: inherit\"><span dir=\"auto\" style=\"vertical-align: inherit\">18.99<\/span><\/span><\/p>\n<\/td>\n<td style=\"border: 0px solid #CCC;background-color: #e8e8e8;padding: 0.5em;width: 10%\" colspan=\"1\" rowspan=\"1\">\n<p align=\"center\"><span dir=\"auto\" style=\"vertical-align: inherit\"><span dir=\"auto\" style=\"vertical-align: inherit\">21.97<\/span><\/span><\/p>\n<\/td>\n<td style=\"border: 0px solid #CCC;background-color: #e8e8e8;padding: 0.5em;width: 10%\" colspan=\"1\" rowspan=\"1\">\n<p align=\"center\"><span dir=\"auto\" style=\"vertical-align: inherit\"><span dir=\"auto\" style=\"vertical-align: inherit\">23.29<\/span><\/span><\/p>\n<\/td>\n<\/tr>\n<\/tbody>\n<\/table>\n<\/div>\n<\/div>\n<p><!-- DIV 3 - TARIFAS - FIN --><\/p>\n<p><!--**********************************************************--><br \/>\n<!--**********************************************************--><\/p>\n<p><!-- DIV SEPARADOR - INICIO --><\/p>\n<div style=\"border: 0px solid #CCC;padding: 0em;margin: 0em 0em 0em 0em;float: left;width: 100%;height: 5em;vertical-align: top\"><\/div>\n<p><!-- DIV SEPARADOR - FIN --><\/p>\n<p><!--**********************************************************--><\/p>\n<p><!-- DIV BARRA GRIS IZQUIERDA - INICIO --><\/p>\n<div style=\"border: 2px solid #CCC;padding: 0em;margin: 0em 0em 0em 0em;float: left;width: 30%;height: 0em;vertical-align: top\"><\/div>\n<p><!-- DIV BARRA GRIS IZQUIERDA - FIN --><\/p>\n<p><!--**********************************************************--><\/p>\n<p><!-- DIV 5 - OBSERVACIONES - INICIO--><\/p>\n<div style=\"border: 0px solid #CCC;background-color: none;padding: 0em;margin: 0em 0em 0em 0em;float: left;width: 100%;vertical-align: top\">\n<p><!-- DIV OBSERVACIONES - NOMBRE - INICIO --><\/p>\n<div style=\"border: 0px solid #CCC;padding-left: 1.5em;margin: 0em 0em 0em 0em;float: left;width: 100%;vertical-align: middle\">\n<p style=\"color: #666666;font-size: 1.5em\" align=\"justify\"><strong><span dir=\"auto\" style=\"vertical-align: inherit\"><span dir=\"auto\" style=\"vertical-align: inherit\">Observacions<\/span><\/span><\/strong><\/p>\n<\/div>\n<p><!-- DIV OBSERVACIONES - NOMBRE - FIN --><\/p>\n<p><!-- TABLA - OBSERVACIONES - INICIO --><\/p>\n<table style=\"border: 0px solid #CCC;background-color: #ddd;float: left;width: 100%;text-align: center\">\n<tbody>\n<tr style=\"border: 0px solid #FFF;height: auto\">\n<td style=\"border: 0px solid #CCC;padding: 0.5em;vertical-align: top;width: 55%\" colspan=\"1\">\n<p align=\"justify\"><span dir=\"auto\" style=\"vertical-align: inherit\"><span dir=\"auto\" style=\"vertical-align: inherit\">L&#8217;equip ha estat adquirit gr\u00e0cies a una Actuaci\u00f3 cofinan\u00e7ada per la Uni\u00f3 Europea a trav\u00e9s del <\/span><\/span><a href=\"https:\/\/www.red.es\/es\/sobre-nosotros\/financiacion-europea\/fondos-feder\" target=\"_blank\" rel=\"noopener\"><span dir=\"auto\" style=\"vertical-align: inherit\"><span dir=\"auto\" style=\"vertical-align: inherit\">Programa Operatiu del Fons Europeu de Desenvolupament Regional<\/span><\/span><\/a><span dir=\"auto\" style=\"vertical-align: inherit\"><span dir=\"auto\" style=\"vertical-align: inherit\"> (FEDER) de la <\/span><\/span><a href=\"https:\/\/hisenda.gva.es\/es\/web\/fons-europeus\/2014-2020\/feder\" target=\"_blank\" rel=\"noopener\"><span dir=\"auto\" style=\"vertical-align: inherit\"><span dir=\"auto\" style=\"vertical-align: inherit\">Comunitat Valenciana 2014-2020<\/span><\/span><\/a><span dir=\"auto\" style=\"vertical-align: inherit\"><span dir=\"auto\" style=\"vertical-align: inherit\"> (PROJECTE: IDIFEDER 2021\/036).<\/span><\/span><\/p>\n<\/td>\n<td style=\"border: 0px solid #CCC;padding: 0.5em;vertical-align: top;width: 45%\" colspan=\"1\"><img loading=\"lazy\" src=\"https:\/\/satdi.umh.es\/files\/2024\/10\/imagen_Placa_FEDER_Espectrofluorimetro_FT300_IDiBE_2021.png\" alt=\"Imatge Placa FEDER Espectrofluorimetre FT300 IDiBE 2021\" width=\"100%\" height=\"100%\" \/><\/td>\n<\/tr>\n<\/tbody>\n<\/table>\n<p><!-- TABLA - OBSERVACIONES - FIN --><\/p>\n<\/div>\n<p><!-- DIV 5 - OBSERVACIONES - FIN--><\/p>\n<p><!--**********************************************************--><br \/>\n<!--**********************************************************--><\/p>\n<p><!-- DIV SEPARADOR - INICIO --><\/p>\n<div style=\"border: 0px solid #CCC;padding: 0em;margin: 0em 0em 0em 0em;float: left;width: 100%;height: 5em;vertical-align: top\"><\/div>\n<p><!-- DIV SEPARADOR - FIN --><\/p>\n<p><!--**********************************************************--><\/p>\n<p><!-- DIV BARRA GRIS IZQUIERDA - INICIO --><\/p>\n<div style=\"border: 2px solid #CCC;padding: 0em;margin: 0em 0em 0em 0em;float: left;width: 30%;height: 0em;vertical-align: top\"><\/div>\n<p><!-- DIV BARRA GRIS IZQUIERDA - FIN --><\/p>\n<p><!--**********************************************************--><\/p>\n<p><!-- DIV 6 - ENLACES - INICIO--><\/p>\n<div style=\"border: 0px solid #CCC;background-color: none;padding: 0em;margin: 0em 0em 0em 0em;float: left;width: 100%;vertical-align: top\">\n<p><!-- DIV ENLACES - NOMBRE - INICIO --><\/p>\n<div style=\"border: 0px solid #CCC;padding-left: 1.5em;margin: 0em 0em 0em 0em;float: left;width: 100%;vertical-align: middle\">\n<p style=\"color: #666666;font-size: 1.5em\" align=\"justify\"><strong><span dir=\"auto\" style=\"vertical-align: inherit\"><span dir=\"auto\" style=\"vertical-align: inherit\">Enlla\u00e7os<\/span><\/span><\/strong><\/p>\n<\/div>\n<p><!-- DIV ENLACES - NOMBRE - FIN --><\/p>\n<div style=\"border: 0px solid #CCC;padding: 0em;margin: 0em 0em 0em 0em;float: left;width: 100%\">\n<ul>\n<li><span dir=\"auto\" style=\"vertical-align: inherit\"><span dir=\"auto\" style=\"vertical-align: inherit\">Web de l&#8217;IDiBE ( <\/span><\/span><a href=\"https:\/\/idibe.umh.es\/espectrofluorimetro-resolucion-temporal-picoquant-tf-300\/\" target=\"_blank\" rel=\"noopener\"><span dir=\"auto\" style=\"vertical-align: inherit\"><span dir=\"auto\" style=\"vertical-align: inherit\">enlla\u00e7<\/span><\/span><\/a><span dir=\"auto\" style=\"vertical-align: inherit\"><span dir=\"auto\" style=\"vertical-align: inherit\"> )<\/span><\/span><\/li>\n<\/ul>\n<\/div>\n<\/div>\n<p><!-- DIV 6 - ENLACES - FIN--><\/p>\n<p><!--**********************************************************--><br \/>\n<!--**********************************************************--><\/p>\n<p><!--**********************************************************--><\/p>\n<p><!-- DIV SEPARADOR - INICIO --><\/p>\n<div style=\"border: 0px solid #CCC;padding: 0em;margin: 0em 0em 0em 0em;float: left;width: 100%;height: 5em;vertical-align: top\"><\/div>\n<p><!-- DIV SEPARADOR - FIN --><\/p>\n<p><!--**********************************************************--><\/p>\n<\/div>\n<p><!-- DIV 1 - CONTENEDOR CONTENIDO - FIN --><\/p>\n<p><!--**********************************************************--><\/p>\n<\/div>\n<p><!-- DIV 0 - CONTENEDOR PRINCIPAL - FIN --><\/p>","protected":false},"excerpt":{"rendered":"<p>Equipament<\/p>\n<p>Espectrofluor\u00edmetre de resoluci\u00f3 temporal<\/p>\n<p>FT-300 (PicoQuant)<\/p>\n<p>Campus d&#8217;ELX<\/p>\n<p>Equip d&#8217;\u00faltima generaci\u00f3 amb l\u00e0mpada de Xenon de 300 w com a font policrom\u00e0tica i un monocromador doble d&#8217;excitaci\u00f3 i un altre d&#8217;emissi\u00f3 juntament amb un compartiment de mostres de quatre posicions termostatitzat mitjan\u00e7ant Peltier. \u00c9s possible mesurar fluoresc\u00e8ncia en estat estacionari, recollir espectres d&#8217;excitaci\u00f3 i emissi\u00f3 i determinar rendiments [&#8230;]<\/p>\n","protected":false},"author":5414,"featured_media":0,"parent":6108,"menu_order":0,"comment_status":"closed","ping_status":"closed","template":"","meta":{"_links_to":"","_links_to_target":""},"_links":{"self":[{"href":"https:\/\/satdi.umh.es\/ca\/wp-json\/wp\/v2\/pages\/8606"}],"collection":[{"href":"https:\/\/satdi.umh.es\/ca\/wp-json\/wp\/v2\/pages"}],"about":[{"href":"https:\/\/satdi.umh.es\/ca\/wp-json\/wp\/v2\/types\/page"}],"author":[{"embeddable":true,"href":"https:\/\/satdi.umh.es\/ca\/wp-json\/wp\/v2\/users\/5414"}],"replies":[{"embeddable":true,"href":"https:\/\/satdi.umh.es\/ca\/wp-json\/wp\/v2\/comments?post=8606"}],"version-history":[{"count":0,"href":"https:\/\/satdi.umh.es\/ca\/wp-json\/wp\/v2\/pages\/8606\/revisions"}],"up":[{"embeddable":true,"href":"https:\/\/satdi.umh.es\/ca\/wp-json\/wp\/v2\/pages\/6108"}],"wp:attachment":[{"href":"https:\/\/satdi.umh.es\/ca\/wp-json\/wp\/v2\/media?parent=8606"}],"curies":[{"name":"wp","href":"https:\/\/api.w.org\/{rel}","templated":true}]}}