{"id":8663,"date":"2024-10-17T10:36:57","date_gmt":"2024-10-17T08:36:57","guid":{"rendered":"https:\/\/satdi.umh.es\/?page_id=8663"},"modified":"2026-04-01T10:44:02","modified_gmt":"2026-04-01T08:44:02","slug":"satdi-ic-analizador-de-tamano-de-particulas-zetasizer-nano-zs-zen-3600-malvern","status":"publish","type":"page","link":"https:\/\/satdi.umh.es\/ca\/servicios-prestados\/instrumentacioncientifica\/servicios_ofertados\/servicios_ofertados-satdi-ic-espectrometros-fotometros-masas-y-rmn\/satdi-ic-analizador-de-tamano-de-particulas-zetasizer-nano-zs-zen-3600-malvern\/","title":{"rendered":"SATDI-IC: Analitzador de mida de part\u00edcules (Zetasizer Nano-ZS ZEN 3600 Malvern)"},"content":{"rendered":"<p><\/p>\n<div style=\"border: 0px solid #CCC;background-color: none;padding: 0em;margin: 0em 0em 0em 0em;float: left;width: 100%;vertical-align: top\">\n<div style=\"border: 0px solid #CCC;padding-left: 1.5em;margin: 0em 0em 0em 0em;float: left;width: 100%;vertical-align: middle\">\n<p style=\"color: #666666;font-size: 1.5em\" align=\"justify\"><strong><span dir=\"auto\" style=\"vertical-align: inherit\"><span dir=\"auto\" style=\"vertical-align: inherit\">Equipament<\/span><\/span><\/strong><\/p>\n<\/div>\n<p><!-- DIV EQUIPAMIENTO - NOMBRE - FIN --><\/p>\n<p><!-- TABLA - EQUIPAMIENTO - INICIO --><\/p>\n<table style=\"border: 0px solid #CCC;background-color: #ddd;float: left;width: 100%;text-align: center\">\n<tbody>\n<tr style=\"border: 0px solid #FFF\">\n<td style=\"border: 0px solid #CCC;padding: 0.5em;width: 40%\" colspan=\"1\">\n<p align=\"justify\"><strong><span dir=\"auto\" style=\"vertical-align: inherit\"><span dir=\"auto\" style=\"vertical-align: inherit\">Analitzador de mida de part\u00edcules i potencial Z<\/span><\/span><br \/>\n<\/strong><\/p>\n<p style=\"color: #666666\" align=\"justify\"><strong><span dir=\"auto\" style=\"vertical-align: inherit\"><span dir=\"auto\" style=\"vertical-align: inherit\">Zetasizer Nano-ZS ZEN 3600 (Malvern)<\/span><\/span><\/strong><\/p>\n<\/td>\n<td style=\"border: 0px solid #CCC;padding: 0.5em;width: 52.5%\" colspan=\"1\" valign=\"center\">\n<p align=\"right\"><span style=\"color: #a31c19\"><strong><span dir=\"auto\" style=\"vertical-align: inherit\"><span dir=\"auto\" style=\"vertical-align: inherit\">Campus d&#8217;ELX<\/span><\/span><\/strong><\/span><\/p>\n<\/td>\n<td style=\"border: 0px solid #CCC;padding: 0.5em;width: 7.5%;text-align: right\" colspan=\"1\" valign=\"top\"><img src=\"https:\/\/satdi.umh.es\/files\/2024\/01\/Imagen_LogoSATDI-IC.png\" alt=\"Logo SATDI-IC\" width=\"90%\" \/><\/td>\n<\/tr>\n<tr style=\"border: 0px solid #FFF;height: auto\">\n<td style=\"border: 0px solid #CCC;padding: 0.5em;vertical-align: top;width: 35%\" rowspan=\"2\"><img loading=\"lazy\" src=\"https:\/\/satdi.umh.es\/files\/2025\/09\/imagen_AnalizadorParticulasPotencialZ_ZetasizerMalvern_campusElche.jpg\" alt=\"Imatge Analitzador de part\u00edcules i potencial Z (Zetasizer, Malvern)\" width=\"100%\" height=\"100%\" \/><\/td>\n<td style=\"border: 0px solid #CCC;padding: 0.5em;vertical-align: top;width: 65%\" colspan=\"2\">\n<p align=\"justify\"><span dir=\"auto\" style=\"vertical-align: inherit\"><span dir=\"auto\" style=\"vertical-align: inherit\">Analitzador de part\u00edcules mitjan\u00e7ant dispersi\u00f3 de llum din\u00e0mica (DLS) amb \u00f2ptica de retrodispersi\u00f3 no invasiva (NIBS) i cel\u00b7la de flux per acoblament a sistemes de cromatografia. Aquest instrument permet la mesura de mida de nanopart\u00edcules, col\u00b7loides i macromol\u00e8cules en dissoluci\u00f3, des de per sota del nan\u00f2metre fins a unes poques micres. Gr\u00e0cies a l&#8217;\u00f2ptica NIBS el l\u00e0ser no ha de travessar la mostra sencera, evitant els efectes de dispersi\u00f3 m\u00faltiple, cosa que permet mesurar amb gran sensibilitat tant en mostres concentrades com molt dilu\u00efdes. El sistema inclou un analitzador de pes molecular amb dispersi\u00f3 de llum est\u00e0tica i un analitzador de potencial zeta, de gran import\u00e0ncia en el disseny i preparaci\u00f3 de formulacions, que utilitza dispersi\u00f3 de la llum electrofor\u00e8tica per a part\u00edcules, mol\u00e8cules i superf\u00edcies. L&#8217;equip \u00e9s capa\u00e7 de mesurar, alhora, difusi\u00f3 translacional, mobilitat electrofor\u00e8tica, viscositat i viscoelasticitat de solucions de prote\u00efnes i pol\u00edmers. La cel\u00b7la de flux permet la connexi\u00f3 de l&#8217;instrument al tub de sortida d&#8217;una columna de cromatografia d&#8217;exclusi\u00f3 per mides (SEC) o HPLC, possibilitant fer mesures de mida o pesos moleculars en condicions cromatogr\u00e0fiques.<\/span><\/span><\/p>\n<\/td>\n<\/tr>\n<tr style=\"border: 0px solid #FFF\">\n<td style=\"border: 0px solid #EEE;padding: 0.5em;height: 10%;width: 65%\" colspan=\"2\" valign=\"center\">\n<p align=\"left\"><strong>\u00a0<\/strong><\/p>\n<\/td>\n<\/tr>\n<\/tbody>\n<\/table>\n<p><!-- TABLA - EQUIPAMIENTO - FIN --><\/p>\n<\/div>\n<p><!-- DIV 2 - EQUIPAMIENTO - FIN--><\/p>\n<p><!--**********************************************************--><br \/>\n<!--**********************************************************--><\/p>\n<p><!-- DIV SEPARADOR - INICIO --><\/p>\n<div style=\"border: 0px solid #CCC;padding: 0em;margin: 0em 0em 0em 0em;float: left;width: 100%;height: 5em;vertical-align: top\"><\/div>\n<p><!-- DIV SEPARADOR - FIN --><\/p>\n<p><!--**********************************************************--><\/p>\n<p><!-- DIV BARRA GRIS IZQUIERDA - INICIO --><\/p>\n<div style=\"border: 2px solid #CCC;padding: 0em;margin: 0em 0em 0em 0em;float: left;width: 30%;height: 0em;vertical-align: top\"><\/div>\n<p><!-- DIV BARRA GRIS IZQUIERDA - FIN --><\/p>\n<p><!--**********************************************************--><\/p>\n<p><!-- DIV 3 - CONTACTO - INICIO--><\/p>\n<div style=\"border: 0px solid #CCC;background-color: none;padding: 0em;margin: 0em 0em 0em 0em;float: left;width: 100%;vertical-align: top\">\n<p><!-- DIV CONTACTO - NOMBRE - INICIO --><\/p>\n<div style=\"border: 0px solid #CCC;padding-left: 1.5em;margin: 0em 0em 0em 0em;float: left;width: 100%;vertical-align: middle\">\n<p style=\"color: #666666;font-size: 1.5em\" align=\"justify\"><strong><span dir=\"auto\" style=\"vertical-align: inherit\"><span dir=\"auto\" style=\"vertical-align: inherit\">Contacte<\/span><\/span><\/strong><\/p>\n<\/div>\n<p><!-- DIV CONTACTO - NOMBRE - FIN --><\/p>\n<p><!-- TABLA - CONTACTO - INICIO --><\/p>\n<table style=\"border: 0px solid #CCC;float: left;width: 100%;text-align: center\">\n<tbody>\n<tr style=\"border: 0px solid #CCC\">\n<td style=\"border: 0px solid #CCC;padding: 0.5em\" colspan=\"1\" rowspan=\"1\">\n<p align=\"justify\"><strong><span dir=\"auto\" style=\"vertical-align: inherit\"><span dir=\"auto\" style=\"vertical-align: inherit\">Campus d&#8217;ELX<\/span><\/span><\/strong><\/p>\n<p align=\"justify\"><span dir=\"auto\" style=\"vertical-align: inherit\"><span dir=\"auto\" style=\"vertical-align: inherit\">Edifici TORREGAIT\u00c1N <\/span><\/span><br \/>\n<span dir=\"auto\" style=\"vertical-align: inherit\"><span dir=\"auto\" style=\"vertical-align: inherit\">(Codi GIS: E10P2034)<\/span><\/span><\/p>\n<\/td>\n<td style=\"border: 0px solid #eeeeee;padding: 0.5em;text-align: center\" colspan=\"1\" valign=\"center\"><span dir=\"auto\" style=\"vertical-align: inherit\"><span dir=\"auto\" style=\"vertical-align: inherit\">Veure ubicaci\u00f3<\/span><\/span><a href=\"http:\/\/universite.umh.es\/localizaciones\/?selT=edificios&amp;selI=E10P2034\" target=\"_blank\" rel=\"noopener\"><img loading=\"lazy\" class=\"aligncenter\" src=\"https:\/\/satdi.umh.es\/files\/2024\/01\/ICONO_UBICACION-1.png\" alt=\"Icona de la ubicaci\u00f3\" width=\"25px\" height=\"auto\" \/><\/a><\/td>\n<td style=\"border: 0px solid #CCC;padding: 0.5em\" colspan=\"1\" rowspan=\"1\"><\/td>\n<td style=\"border: 0px solid #CCC;padding: 0.5em\" colspan=\"1\" rowspan=\"1\">\n<ul style=\"float: left;text-align: justify\">\n<li style=\"color: #666666\"><strong><span dir=\"auto\" style=\"vertical-align: inherit\"><span dir=\"auto\" style=\"vertical-align: inherit\">Rubio Camacho, Marta<\/span><\/span><\/strong><\/li>\n<li><span dir=\"auto\" style=\"vertical-align: inherit\"><span dir=\"auto\" style=\"vertical-align: inherit\">+34 965 22 2479 | +34 965 22 2688<\/span><\/span><\/li>\n<li><span dir=\"auto\" style=\"vertical-align: inherit\"><span dir=\"auto\" style=\"vertical-align: inherit\">marta.rubioc@umh.es<\/span><\/span><\/li>\n<\/ul>\n<\/td>\n<\/tr>\n<\/tbody>\n<\/table>\n<p><!-- TABLA - CONTACTO - FIN --><\/p>\n<\/div>\n<p><!-- DIV 3 - CONTACTO - FIN--><\/p>\n<p><!--**********************************************************--><br \/>\n<!--**********************************************************--><\/p>\n<p><!-- DIV SEPARADOR - INICIO --><\/p>\n<div style=\"border: 0px solid #CCC;padding: 0em;margin: 0em 0em 0em 0em;float: left;width: 100%;height: 5em;vertical-align: top\"><\/div>\n<p><!-- DIV SEPARADOR - FIN --><\/p>\n<p><!--**********************************************************--><\/p>\n<p><!-- DIV BARRA GRIS IZQUIERDA - INICIO --><\/p>\n<div style=\"border: 2px solid #CCC;padding: 0em;margin: 0em 0em 0em 0em;float: left;width: 30%;height: 0em;vertical-align: top\"><\/div>\n<p><!-- DIV BARRA GRIS IZQUIERDA - FIN --><\/p>\n<p><!--**********************************************************--><\/p>\n<p><!-- DIV 3 - TARIFAS - INICIO--><\/p>\n<div style=\"border: 0px solid #CCC;background-color: none;padding: 0em;margin: 0em 0em 0em 0em;float: left;width: 100%;vertical-align: top\">\n<p><!-- DIV TARIFAS - NOMBRE - INICIO --><\/p>\n<div style=\"border: 0px solid #CCC;padding-left: 1.5em;margin: 0em 0em 0em 0em;float: left;width: 100%;vertical-align: middle\">\n<p style=\"color: #666666;font-size: 1.5em\" align=\"justify\"><strong><span dir=\"auto\" style=\"vertical-align: inherit\"><span dir=\"auto\" style=\"vertical-align: inherit\">Tarifes vigents (2026)<\/span><\/span><\/strong><\/p>\n<\/div>\n<p><!-- DIV TARIFAS - NOMBRE - FIN --><\/p>\n<div style=\"border: 0px solid #CCC;padding: 0em;margin: 0em 0em 0em 0em;float: left;width: 100%\">\n<table style=\"border: 0px solid #CCC;float: left;width: 100%;text-align: center\">\n<tbody>\n<tr style=\"border: 0px solid #CCC\">\n<td style=\"border: 0px solid #CCC;background-color: #ccc;padding: 0.5em;width: 10%\" colspan=\"1\" rowspan=\"1\">\n<p align=\"center\"><strong><span dir=\"auto\" style=\"vertical-align: inherit\"><span dir=\"auto\" style=\"vertical-align: inherit\">Refer\u00e8ncia<\/span><\/span><\/strong><\/p>\n<\/td>\n<td style=\"border: 0px solid #CCC;background-color: #ccc;padding: 0.5em;width: 50%\" colspan=\"1\" rowspan=\"1\">\n<p align=\"center\"><strong><span dir=\"auto\" style=\"vertical-align: inherit\"><span dir=\"auto\" style=\"vertical-align: inherit\">Descripci\u00f3<\/span><\/span><\/strong><\/p>\n<\/td>\n<td style=\"border: 0px solid #CCC;background-color: #ccc;padding: 0.5em;width: 10%\" colspan=\"1\" rowspan=\"1\">\n<p align=\"center\"><strong><span dir=\"auto\" style=\"vertical-align: inherit\"><span dir=\"auto\" style=\"vertical-align: inherit\">Unitat <\/span><\/span><br \/>\n<span dir=\"auto\" style=\"vertical-align: inherit\"><span dir=\"auto\" style=\"vertical-align: inherit\">de <\/span><\/span><br \/>\n<span dir=\"auto\" style=\"vertical-align: inherit\"><span dir=\"auto\" style=\"vertical-align: inherit\">mesura<\/span><\/span><\/strong><\/p>\n<\/td>\n<td style=\"border: 0px solid #CCC;background-color: #ccc;padding: 0.5em;width: 10%\" colspan=\"1\" rowspan=\"1\">\n<p align=\"center\"><strong><span dir=\"auto\" style=\"vertical-align: inherit\"><span dir=\"auto\" style=\"vertical-align: inherit\">Preu unitari UMH (\u20ac)<\/span><\/span><\/strong><\/p>\n<\/td>\n<td style=\"border: 0px solid #CCC;background-color: #ccc;padding: 0.5em;width: 10%\" colspan=\"1\" rowspan=\"1\">\n<p align=\"center\"><strong><span dir=\"auto\" style=\"vertical-align: inherit\"><span dir=\"auto\" style=\"vertical-align: inherit\">Preu unitari Entitats P\u00fabliques (\u20ac)<\/span><\/span><\/strong><\/p>\n<\/td>\n<td style=\"border: 0px solid #CCC;background-color: #ccc;padding: 0.5em;width: 10%\" colspan=\"1\" rowspan=\"1\">\n<p align=\"center\"><strong><span dir=\"auto\" style=\"vertical-align: inherit\"><span dir=\"auto\" style=\"vertical-align: inherit\">Preu unitari Entitats Privades (\u20ac)<\/span><\/span><\/strong><\/p>\n<\/td>\n<\/tr>\n<tr style=\"border: 0px solid #CCC\">\n<td style=\"border: 0px solid #CCC;background-color: #e0e0e0;padding: 0.5em;width: 10%\" colspan=\"1\" rowspan=\"1\">\n<p align=\"center\"><span dir=\"auto\" style=\"vertical-align: inherit\"><span dir=\"auto\" style=\"vertical-align: inherit\">T-ELTG-07<\/span><\/span><\/p>\n<\/td>\n<td style=\"border: 0px solid #CCC;background-color: #e0e0e0;padding: 0.5em;width: 50%\" colspan=\"1\" rowspan=\"1\">\n<p align=\"justify\"><span dir=\"auto\" style=\"vertical-align: inherit\"><span dir=\"auto\" style=\"vertical-align: inherit\">\u00das de l&#8217;analitzador de mida de part\u00edcules Malvern Zetasizer Nano-ZS ZEN 3600<\/span><\/span><\/p>\n<\/td>\n<td style=\"border: 0px solid #CCC;background-color: #e0e0e0;padding: 0.5em;width: 10%\" colspan=\"1\" rowspan=\"1\">\n<p align=\"center\"><span dir=\"auto\" style=\"vertical-align: inherit\"><span dir=\"auto\" style=\"vertical-align: inherit\">hora<\/span><\/span><\/p>\n<\/td>\n<td style=\"border: 0px solid #CCC;background-color: #e0e0e0;padding: 0.5em;width: 10%\" colspan=\"1\" rowspan=\"1\">\n<p align=\"center\"><span dir=\"auto\" style=\"vertical-align: inherit\"><span dir=\"auto\" style=\"vertical-align: inherit\">17.11<\/span><\/span><\/p>\n<\/td>\n<td style=\"border: 0px solid #CCC;background-color: #e0e0e0;padding: 0.5em;width: 10%\" colspan=\"1\" rowspan=\"1\">\n<p align=\"center\"><span dir=\"auto\" style=\"vertical-align: inherit\"><span dir=\"auto\" style=\"vertical-align: inherit\">19.80<\/span><\/span><\/p>\n<\/td>\n<td style=\"border: 0px solid #CCC;background-color: #e0e0e0;padding: 0.5em;width: 10%\" colspan=\"1\" rowspan=\"1\">\n<p align=\"center\"><span dir=\"auto\" style=\"vertical-align: inherit\"><span dir=\"auto\" style=\"vertical-align: inherit\">20.98<\/span><\/span><\/p>\n<\/td>\n<\/tr>\n<\/tbody>\n<\/table>\n<\/div>\n<\/div>\n<p><!-- DIV 3 - TARIFAS - FIN --><\/p>\n<p><!--**********************************************************--><br \/>\n<!--**********************************************************--><\/p>\n<p><!-- DIV SEPARADOR - INICIO --><\/p>\n<div style=\"border: 0px solid #CCC;padding: 0em;margin: 0em 0em 0em 0em;float: left;width: 100%;height: 5em;vertical-align: top\"><\/div>\n<p><!-- DIV SEPARADOR - FIN --><\/p>\n<p><!--**********************************************************--><\/p>\n<p><!-- DIV BARRA GRIS IZQUIERDA - INICIO --><\/p>\n<div style=\"border: 2px solid #CCC;padding: 0em;margin: 0em 0em 0em 0em;float: left;width: 30%;height: 0em;vertical-align: top\"><\/div>\n<p><!-- DIV BARRA GRIS IZQUIERDA - FIN --><\/p>\n<p><!--**********************************************************--><\/p>\n<p><!-- DIV 5 - OBSERVACIONES - INICIO--><\/p>\n<div style=\"border: 0px solid #CCC;background-color: none;padding: 0em;margin: 0em 0em 0em 0em;float: left;width: 100%;vertical-align: top\">\n<p><!-- DIV OBSERVACIONES - NOMBRE - INICIO --><\/p>\n<div style=\"border: 0px solid #CCC;padding-left: 1.5em;margin: 0em 0em 0em 0em;float: left;width: 100%;vertical-align: middle\">\n<p style=\"color: #666666;font-size: 1.5em\" align=\"justify\"><strong><span dir=\"auto\" style=\"vertical-align: inherit\"><span dir=\"auto\" style=\"vertical-align: inherit\">Observacions<\/span><\/span><\/strong><\/p>\n<\/div>\n<p><!-- DIV OBSERVACIONES - NOMBRE - FIN --><\/p>\n<p><!-- TABLA - OBSERVACIONES - INICIO --><\/p>\n<table style=\"border: 0px solid #CCC;background-color: #ddd;float: left;width: 100%;text-align: center\">\n<tbody>\n<tr style=\"border: 0px solid #FFF;height: auto\">\n<td style=\"border: 0px solid #CCC;padding: 0.5em;vertical-align: top;width: 55%\" colspan=\"1\">\n<p align=\"justify\"><span dir=\"auto\" style=\"vertical-align: inherit\"><span dir=\"auto\" style=\"vertical-align: inherit\">L&#8217;equip ha estat adquirit gr\u00e0cies a una Actuaci\u00f3 cofinan\u00e7ada per la Uni\u00f3 Europea a trav\u00e9s del <\/span><\/span><a href=\"https:\/\/www.red.es\/es\/sobre-nosotros\/financiacion-europea\/fondos-feder\" target=\"_blank\" rel=\"noopener\"><span dir=\"auto\" style=\"vertical-align: inherit\"><span dir=\"auto\" style=\"vertical-align: inherit\">Programa Operatiu del Fons Europeu de Desenvolupament Regional<\/span><\/span><\/a><span dir=\"auto\" style=\"vertical-align: inherit\"><span dir=\"auto\" style=\"vertical-align: inherit\"> (FEDER) de la <\/span><\/span><a href=\"https:\/\/hisenda.gva.es\/es\/web\/fons-europeus\/2014-2020\/feder\" target=\"_blank\" rel=\"noopener\"><span dir=\"auto\" style=\"vertical-align: inherit\"><span dir=\"auto\" style=\"vertical-align: inherit\">Comunitat Valenciana 2014-2020<\/span><\/span><\/a><span dir=\"auto\" style=\"vertical-align: inherit\"><span dir=\"auto\" style=\"vertical-align: inherit\"> (PROJECTE: IDIFEDER2018\/020).<\/span><\/span><\/p>\n<\/td>\n<td style=\"border: 0px solid #CCC;padding: 0.5em;vertical-align: top;width: 45%\" colspan=\"1\"><img loading=\"lazy\" src=\"https:\/\/satdi.umh.es\/files\/2024\/10\/imagen_Placa-FEDER-DLS-IDiBE-2020-1.png\" alt=\"Imatge Placa FEDER Analitzador Part\u00edcules i Potencial Z IDiBE 2020\" width=\"100%\" height=\"100%\" \/><\/td>\n<\/tr>\n<\/tbody>\n<\/table>\n<p><!-- TABLA - OBSERVACIONES - FIN --><\/p>\n<\/div>\n<p><!-- DIV 5 - OBSERVACIONES - FIN--><\/p>\n<p><!--**********************************************************--><br \/>\n<!--**********************************************************--><\/p>\n<p><!-- DIV SEPARADOR - INICIO --><\/p>\n<div style=\"border: 0px solid #CCC;padding: 0em;margin: 0em 0em 0em 0em;float: left;width: 100%;height: 5em;vertical-align: top\"><\/div>\n<p><!-- DIV SEPARADOR - FIN --><\/p>\n<p><!--**********************************************************--><\/p>\n<p><!-- DIV BARRA GRIS IZQUIERDA - INICIO --><\/p>\n<div style=\"border: 2px solid #CCC;padding: 0em;margin: 0em 0em 0em 0em;float: left;width: 30%;height: 0em;vertical-align: top\"><\/div>\n<p><!-- DIV BARRA GRIS IZQUIERDA - FIN --><\/p>\n<p><!--**********************************************************--><\/p>\n<p><!-- DIV 6 - ENLACES - INICIO--><\/p>\n<div style=\"border: 0px solid #CCC;background-color: none;padding: 0em;margin: 0em 0em 0em 0em;float: left;width: 100%;vertical-align: top\">\n<p><!-- DIV ENLACES - NOMBRE - INICIO --><\/p>\n<div style=\"border: 0px solid #CCC;padding-left: 1.5em;margin: 0em 0em 0em 0em;float: left;width: 100%;vertical-align: middle\">\n<p style=\"color: #666666;font-size: 1.5em\" align=\"justify\"><strong><span dir=\"auto\" style=\"vertical-align: inherit\"><span dir=\"auto\" style=\"vertical-align: inherit\">Enlla\u00e7os<\/span><\/span><\/strong><\/p>\n<\/div>\n<p><!-- DIV ENLACES - NOMBRE - FIN --><\/p>\n<div style=\"border: 0px solid #CCC;padding: 0em;margin: 0em 0em 0em 0em;float: left;width: 100%\">\n<ul>\n<li><span dir=\"auto\" style=\"vertical-align: inherit\"><span dir=\"auto\" style=\"vertical-align: inherit\">Web de l&#8217;IDiBE ( <\/span><\/span><a href=\"https:\/\/idibe.umh.es\/es\/servicios\/analisis-de-tamano-de-particulas-y-potencial-z\/\" target=\"_blank\" rel=\"noopener\"><span dir=\"auto\" style=\"vertical-align: inherit\"><span dir=\"auto\" style=\"vertical-align: inherit\">enlla\u00e7<\/span><\/span><\/a><span dir=\"auto\" style=\"vertical-align: inherit\"><span dir=\"auto\" style=\"vertical-align: inherit\"> )<\/span><\/span><\/li>\n<\/ul>\n<\/div>\n<\/div>\n<p><!-- DIV 6 - ENLACES - FIN--><\/p>\n<p><!--**********************************************************--><br \/>\n<!--**********************************************************--><\/p>\n<p><!--**********************************************************--><\/p>\n<p><!-- DIV SEPARADOR - INICIO --><\/p>\n<div style=\"border: 0px solid #CCC;padding: 0em;margin: 0em 0em 0em 0em;float: left;width: 100%;height: 5em;vertical-align: top\"><\/div>\n<p><\/p>","protected":false},"excerpt":{"rendered":"<p>Equipament<\/p>\n<p>Analitzador de mida de part\u00edcules i potencial Z<\/p>\n<p>Zetasizer Nano-ZS ZEN 3600 (Malvern)<\/p>\n<p>Campus d&#8217;ELX<\/p>\n<p>Analitzador de part\u00edcules mitjan\u00e7ant dispersi\u00f3 de llum din\u00e0mica (DLS) amb \u00f2ptica de retrodispersi\u00f3 no invasiva (NIBS) i cel\u00b7la de flux per acoblament a sistemes de cromatografia. Aquest instrument permet la mesura de mida de nanopart\u00edcules, col\u00b7loides i macromol\u00e8cules en dissoluci\u00f3, des de per [&#8230;]<\/p>\n","protected":false},"author":5414,"featured_media":0,"parent":6108,"menu_order":0,"comment_status":"closed","ping_status":"closed","template":"","meta":{"_links_to":"","_links_to_target":""},"_links":{"self":[{"href":"https:\/\/satdi.umh.es\/ca\/wp-json\/wp\/v2\/pages\/8663"}],"collection":[{"href":"https:\/\/satdi.umh.es\/ca\/wp-json\/wp\/v2\/pages"}],"about":[{"href":"https:\/\/satdi.umh.es\/ca\/wp-json\/wp\/v2\/types\/page"}],"author":[{"embeddable":true,"href":"https:\/\/satdi.umh.es\/ca\/wp-json\/wp\/v2\/users\/5414"}],"replies":[{"embeddable":true,"href":"https:\/\/satdi.umh.es\/ca\/wp-json\/wp\/v2\/comments?post=8663"}],"version-history":[{"count":0,"href":"https:\/\/satdi.umh.es\/ca\/wp-json\/wp\/v2\/pages\/8663\/revisions"}],"up":[{"embeddable":true,"href":"https:\/\/satdi.umh.es\/ca\/wp-json\/wp\/v2\/pages\/6108"}],"wp:attachment":[{"href":"https:\/\/satdi.umh.es\/ca\/wp-json\/wp\/v2\/media?parent=8663"}],"curies":[{"name":"wp","href":"https:\/\/api.w.org\/{rel}","templated":true}]}}